{"id":8480,"date":"2023-01-09T22:55:23","date_gmt":"2023-01-09T20:55:23","guid":{"rendered":"https:\/\/www.palestina.cat\/rompamos-el-hermanamiento-de-bcn-con-tel-aviv-cronologia-de-15-anos-de-lucha\/"},"modified":"2023-11-28T10:48:24","modified_gmt":"2023-11-28T08:48:24","slug":"rompamos-el-hermanamiento-de-bcn-con-tel-aviv-cronologia-de-15-anos-de-lucha","status":"publish","type":"page","link":"https:\/\/www.palestina.cat\/es\/rompamos-el-hermanamiento-de-bcn-con-tel-aviv-cronologia-de-15-anos-de-lucha\/","title":{"rendered":"Rompamos el Hermanamiento de BCN con Tel Aviv: cronolog\u00eda de 15 a\u00f1os de lucha"},"content":{"rendered":"\n<div class=\"wp-block-cp-timeline-content-timeline Cool-Content-Timeline\"><div class=\"cool-timeline-block-9edf7bbf-ef51-410a-8d4c-3b66068a6559\"><style scoped=\"true\">.cool-timeline-block-9edf7bbf-ef51-410a-8d4c-3b66068a6559 .cool-vertical-timeline-body .story-time p{color: #333;}.cool-timeline-block-9edf7bbf-ef51-410a-8d4c-3b66068a6559 .cool-horizontal-timeline-body .story-time p{color: #333;}.cool-timeline-block-9edf7bbf-ef51-410a-8d4c-3b66068a6559 .cool-vertical-timeline-body::before{background: linear-gradient(to bottom, rgba(230, 230, 230, 0) 0%, #D91B3E 10%, #D91B3E 90%, rgba(230, 230, 230, 0) 100%);}.cool-timeline-block-9edf7bbf-ef51-410a-8d4c-3b66068a6559 .cool-horizontal-timeline-body .timeline-content::before{background: #D91B3E;}.cool-timeline-block-9edf7bbf-ef51-410a-8d4c-3b66068a6559 .cool-horizontal-timeline-body .timeline-content::after{background: #D91B3E;}.cool-timeline-block-9edf7bbf-ef51-410a-8d4c-3b66068a6559 .cool-vertical-timeline-body .timeline-content::before{background: #D91B3E !important;}.cool-timeline-block-9edf7bbf-ef51-410a-8d4c-3b66068a6559 .cool-vertical-timeline-body.left .story-details::after{background: #D91B3E !important;}.cool-timeline-block-9edf7bbf-ef51-410a-8d4c-3b66068a6559 .cool-vertical-timeline-body.right .story-time::after{background: #D91B3E !important;}.cool-timeline-block-9edf7bbf-ef51-410a-8d4c-3b66068a6559 .cool-vertical-timeline-body .timeline-content .timeline-block-icon{background: #D91B3E !important;}.cool-timeline-block-9edf7bbf-ef51-410a-8d4c-3b66068a6559 .cool-horizontal-timeline-body .timeline-content .timeline-block-icon{background: #D91B3E !important;}.cool-timeline-block-9edf7bbf-ef51-410a-8d4c-3b66068a6559 .cool-vertical-timeline-body.both-sided .timeline-content .position-right .story-details::before{border-right-color: #D91B3E !important;}.cool-timeline-block-9edf7bbf-ef51-410a-8d4c-3b66068a6559 .cool-vertical-timeline-body.both-sided .timeline-content .position-left  .story-details::before{border-left-color: #D91B3E !important;}.cool-timeline-block-9edf7bbf-ef51-410a-8d4c-3b66068a6559 .cool-vertical-timeline-body.one-sided.left .timeline-content  .story-details::before{border-right-color: #D91B3E !important;}.cool-timeline-block-9edf7bbf-ef51-410a-8d4c-3b66068a6559 .cool-vertical-timeline-body.one-sided.right .timeline-content  .story-details::before{border-left-color: #D91B3E !important;}.cool-timeline-block-9edf7bbf-ef51-410a-8d4c-3b66068a6559 .cool-vertical-timeline-body .timeline-content  .story-details{border-color: #D91B3E !important;}.cool-timeline-block-9edf7bbf-ef51-410a-8d4c-3b66068a6559 .cool-horizontal-timeline-body .timeline-content .ctl-row .ctl-6.timeline-block-detail::before{border-bottom-color: #D91B3E !important;}.cool-timeline-block-9edf7bbf-ef51-410a-8d4c-3b66068a6559 .cool-horizontal-timeline-body .ctl-6.timeline-block-detail{border-top-color: #D91B3E !important;}.cool-timeline-block-9edf7bbf-ef51-410a-8d4c-3b66068a6559 .cool-vertical-timeline-body .timeline-content  .timeline-block-icon{border-color: #D91B3EFF !important;}.cool-timeline-block-9edf7bbf-ef51-410a-8d4c-3b66068a6559 .cool-horizontal-timeline-body .swiper-button-next{color: #D91B3E;}.cool-timeline-block-9edf7bbf-ef51-410a-8d4c-3b66068a6559 .cool-horizontal-timeline-body .swiper-button-prev{color: #D91B3E;}.cool-timeline-block-9edf7bbf-ef51-410a-8d4c-3b66068a6559 .cool-horizontal-timeline-body .swiper-pagination-bullet-active{background: #D91B3E;}.cool-timeline-block-9edf7bbf-ef51-410a-8d4c-3b66068a6559 .icon-true .timeline-block-icon span.timeline-block-render-icon svg{fill: white;}<\/style><div class=\"cool-vertical-timeline-body both-sided left\"><div class=\"cool-timeline-block-list\">\n<div class=\"wp-block-cp-timeline-content-timeline-child swiper-slide\"><div class=\"timeline-content icon-false \"><div class=\" timeline-block-timeline ctl-row position-right\"><div class=\"ctl-6 timeline-block-time\"><div class=\"story-time\"><p>Sept 1998<\/p><\/div><\/div><div class=\"timeline-block-icon\"><\/div><div class=\"ctl-6 timeline-block-detail\"><div class=\"story-details\"><div class=\"story-content\"><h3>Firma del hermanamiento<\/h3><p>El 24 de septiembre de 1998 Joan Clos, Aown Shawa y Roni Milo firman el <strong><a href=\"https:\/\/www.palestina.cat\/wp-content\/uploads\/2022\/05\/Acord-Amistat-i-Collaboracio-BCN-GAZA-TLV.pdf\">acuerdo de hermanamiento<\/a><\/strong> entre las ciudades<br>de Barcelona, \u200b\u200bGaza y Tel Aviv, una iniciativa que<br>buscaba el apoyo de las tres ciudades a los acuerdos de Oslo.<\/p><\/div><\/div><\/div><\/div><\/div><\/div>\n\n\n\n<div class=\"wp-block-cp-timeline-content-timeline-child swiper-slide\"><div class=\"timeline-content icon-false \"><div class=\" timeline-block-timeline ctl-row position-left\"><div class=\"ctl-6 timeline-block-time\"><div class=\"story-time\"><p>Julio de 2005<\/p><\/div><\/div><div class=\"timeline-block-icon\"><\/div><div class=\"ctl-6 timeline-block-detail\"><div class=\"story-details\"><div class=\"story-image\"><img decoding=\"async\" src=\"https:\/\/www.palestina.cat\/wp-content\/uploads\/2023\/02\/the-wall.png\" alt=\"\"><\/div><div class=\"story-content\"><h3>Llamamiento de la sociedad civil palestina en el Boicot, las Desinversiones y las Sanciones (BDS)<\/h3><p>Los acuerdos de Oslo y su fracaso llevan a una situaci\u00f3n en la que Israel expande las colonias, construye el Muro del Apartheid e incrementa los bombardeos. Un a\u00f1o despu\u00e9s de que la Corte Internacional de Justicia (CIJ) resolviera que el Muro del Apartheid construido por Israel sobre territorio palestino era ilegal y segregador, la sociedad civil palestina hace un llamamiento internacional a secundar el movimiento por el BDS espej\u00e1ndose con la experiencia Sudafricana.<\/p><\/div><\/div><\/div><\/div><\/div><\/div>\n\n\n\n<div class=\"wp-block-cp-timeline-content-timeline-child swiper-slide\"><div class=\"timeline-content icon-false \"><div class=\" timeline-block-timeline ctl-row position-right\"><div class=\"ctl-6 timeline-block-time\"><div class=\"story-time\"><p>2007 y 2008<\/p><\/div><\/div><div class=\"timeline-block-icon\"><\/div><div class=\"ctl-6 timeline-block-detail\"><div class=\"story-details\"><div class=\"story-image\"><img decoding=\"async\" src=\"https:\/\/www.palestina.cat\/wp-content\/uploads\/2023\/02\/gaza.jpg\" alt=\"\"><\/div><div class=\"story-content\"><h3>El Foro Social Mundial y la Plataforma Detenemos la Guerra socializan el BDS  <\/h3><p>El movimiento contra la globalizaci\u00f3n neoliberal y el movimiento contra la guerra, ambos con una important\u00edsima capacidad de movilizaci\u00f3n en Barcelona, \u200b\u200bapoyaron la campa\u00f1a por el Boicot, las Desinversiones y las Sanciones en Israel (BDS), socializando su conocimiento entre la ciudadan\u00eda de Barcelona.<\/p><\/div><\/div><\/div><\/div><\/div><\/div>\n\n\n\n<div class=\"wp-block-cp-timeline-content-timeline-child swiper-slide\"><div class=\"timeline-content icon-false \"><div class=\" timeline-block-timeline ctl-row position-left\"><div class=\"ctl-6 timeline-block-time\"><div class=\"story-time\"><p>Enero 2009<\/p><\/div><\/div><div class=\"timeline-block-icon\"><\/div><div class=\"ctl-6 timeline-block-detail\"><div class=\"story-details\"><div class=\"story-image\"><img decoding=\"async\" src=\"https:\/\/www.palestina.cat\/wp-content\/uploads\/2023\/01\/parc-per-la-pau-barcelona-gaza2.jpg\" alt=\"\"><\/div><div class=\"story-content\"><h3>Bombardeo del Barcelona Peace Park de Gaza: el hermanamiento se convierte en una quimera<\/h3><p>  En este contexto, tal y como admite el propio Ayuntamiento el hermanamiento se convierte en una quimera: \u201c <a href=\"https:\/\/ajuntament.barcelona.cat\/relacionsinternacionalsicooperacio\/ca\/tel-aviv-jaffo\">el fomento de la colaboraci\u00f3n entre las sociedades de las tres ciudades, nunca se ha podido llevar a cabo<\/a> \u201d. Por si fuera poco, <a href=\"https:\/\/www.palestina.cat\/wp-content\/uploads\/2023\/01\/Barcelnona-Solidaria-Un-parc-Sota-les-Bombes.pdf\"><strong>el principal proyecto en Gaza (la construcci\u00f3n del parque \u02bbBarcelona Peace Park\u02bc) es arrasado por las bombas israel\u00edes en Enero de 2009.<\/strong><\/a><\/p><\/div><\/div><\/div><\/div><\/div><\/div>\n\n\n\n<div class=\"wp-block-cp-timeline-content-timeline-child swiper-slide\"><div class=\"timeline-content icon-false \"><div class=\" timeline-block-timeline ctl-row position-right\"><div class=\"ctl-6 timeline-block-time\"><div class=\"story-time\"><p>Enero 2009<\/p><\/div><\/div><div class=\"timeline-block-icon\"><\/div><div class=\"ctl-6 timeline-block-detail\"><div class=\"story-details\"><div class=\"story-image\"><img decoding=\"async\" src=\"https:\/\/www.palestina.cat\/wp-content\/uploads\/2023\/01\/10-GENER-2009.jpg\" alt=\"\"><\/div><div class=\"story-content\"><h3>La ciudadan\u00eda de Barcelona y Gaza pide por primera vez el fin del Hermanamiento<\/h3><p>Durante los bombardeos de Gaza de enero de 2009 que costaron la vida a 1.400 palestinos\/as, 50.000 manifestantes <a href=\"https:\/\/elpais.com\/diario\/2009\/01\/11\/catalunya\/1231639638_850215.html\">seg\u00fan El Pa\u00eds<\/a> , convocados por <a href=\"https:\/\/www.palestina.cat\/wp-content\/uploads\/2023\/01\/DOSSIER-DE-PREMSA-MANIFESTACIO-10-GEN-2009-ATUREM-MASSACRE-A-PALESTINA-BOICOT-ISRAEL.pdf\">180 entidades catalanas<\/a> , se alinearon por primera vez con la estrategia de Boicot, Sanciones y Desinversiones (BDS) impulsada desde Palestina. Durante las movilizaciones se repartieron <a href=\"https:\/\/www.palestina.cat\/wp-content\/uploads\/2023\/01\/aturemho.pdf\">40.000 diarios<\/a> exigiendo el BDS a las instituciones catalanas y <a href=\"https:\/\/www.palestina.cat\/wp-content\/uploads\/2023\/01\/Posstal-Barcelona-Peace-Park-gener-2009.pdf\"><strong>3.000 postales exigiendo romper el hermanamiento con Tel Aviv<\/strong><\/a> . Paralelamente se empez\u00f3 a articular los <a href=\"https:\/\/laccent.cat\/barcelona-i-el-parc-de-la-impunitat-de-gaza\/\">primeros discursos<\/a> que piden la ruptura.<\/p><\/div><\/div><\/div><\/div><\/div><\/div>\n\n\n\n<div class=\"wp-block-cp-timeline-content-timeline-child swiper-slide\"><div class=\"timeline-content icon-false \"><div class=\" timeline-block-timeline ctl-row position-left\"><div class=\"ctl-6 timeline-block-time\"><div class=\"story-time\"><p>Junio \u200b\u200b2009<\/p><\/div><\/div><div class=\"timeline-block-icon\"><\/div><div class=\"ctl-6 timeline-block-detail\"><div class=\"story-details\"><div class=\"story-content\"><h3>Jud\u00edos israel\u00edes piden por primera vez el fin del hermanamiento<\/h3><p>Una <a href=\"https:\/\/www.elperiodico.com\/es\/internacional\/20090608\/disidentes-israelis-piden-barcelona-rompa-138922\">carta firmada por 64 israel\u00edes<\/a> , la gran mayor\u00eda jud\u00edos y residentes en Tel-Aviv, desesperados y deseando m\u00e1s presi\u00f3n sobre su Gobierno piden al ayuntamiento de Barcelona romper el hermanamiento para as\u00ed avanzar el proceso de paz.<\/p><\/div><\/div><\/div><\/div><\/div><\/div>\n\n\n\n<div class=\"wp-block-cp-timeline-content-timeline-child swiper-slide\"><div class=\"timeline-content icon-false \"><div class=\" timeline-block-timeline ctl-row position-right\"><div class=\"ctl-6 timeline-block-time\"><div class=\"story-time\"><p>Junio \u200b\u200b2011<\/p><\/div><\/div><div class=\"timeline-block-icon\"><\/div><div class=\"ctl-6 timeline-block-detail\"><div class=\"story-details\"><div class=\"story-image\"><img decoding=\"async\" src=\"https:\/\/www.palestina.cat\/wp-content\/uploads\/2023\/02\/trenquem_agermanamet_2015.jpg\" alt=\"\"><\/div><div class=\"story-content\"><h3>El movimiento de solidaridad con Palestina pone el foco en el Hermanamiento<\/h3><p>Entre 2002 y 2015 el movimiento de solidaridad env\u00eda a m\u00e1s de 3.000 brigadistas catalanes a Palestina, cogiendo fuerza en todo el territorio, estructur\u00e1ndose y consiguiendo consensuar a partir de 2011 los 4 objetivos estrat\u00e9gicos que guiar\u00e1n el movimiento hasta la actualidad : la suspensi\u00f3n del acuerdo preferencial de la UE con el Estado de Israel, la suspensi\u00f3n del comercio de armas del Estado con Israel, la suspensi\u00f3n de los programas de promoci\u00f3n de acuerdos comerciales y de investigaci\u00f3n universitaria de la Generalitat con Israel; y la suspensi\u00f3n del Hermanamiento del Ayuntamiento de Barcelona con Tel Aviv.<\/p><\/div><\/div><\/div><\/div><\/div><\/div>\n\n\n\n<div class=\"wp-block-cp-timeline-content-timeline-child swiper-slide\"><div class=\"timeline-content icon-false \"><div class=\" timeline-block-timeline ctl-row position-left\"><div class=\"ctl-6 timeline-block-time\"><div class=\"story-time\"><p>Octubre 2016<\/p><\/div><\/div><div class=\"timeline-block-icon\"><\/div><div class=\"ctl-6 timeline-block-detail\"><div class=\"story-details\"><div class=\"story-content\"><h3>La petici\u00f3n de romper el hermanamiento llega por primera vez al Pleno del Ayuntamiento<\/h3><p>En el Pleno del 26 de Octubre de 2016, la CUP de Barcelona insta por primera vez al Gobierno municipal a romper el hermanamiento. Asimismo solicita y despu\u00e9s entrega al movimiento de solidaridad la informaci\u00f3n y la documentaci\u00f3n sobre el hermanamiento que resultar\u00e1 clave para orientar la campa\u00f1a en t\u00e9rminos jur\u00eddicos y administrativos.<\/p><\/div><\/div><\/div><\/div><\/div><\/div>\n\n\n\n<div class=\"wp-block-cp-timeline-content-timeline-child swiper-slide\"><div class=\"timeline-content icon-false \"><div class=\" timeline-block-timeline ctl-row position-right\"><div class=\"ctl-6 timeline-block-time\"><div class=\"story-time\"><p>Julio 2021<\/p><\/div><\/div><div class=\"timeline-block-icon\"><\/div><div class=\"ctl-6 timeline-block-detail\"><div class=\"story-details\"><div class=\"story-image\"><img decoding=\"async\" src=\"https:\/\/www.palestina.cat\/wp-content\/uploads\/2023\/01\/junts-placa_st_jaume.jpg\" alt=\"\"><\/div><div class=\"story-content\"><h3>112 organizaciones de Barcelona piden al Ayuntamiento de Barcelona que rompa el hermanamiento con Tel Aviv  <\/h3><p>  Ante los bombardeos de  <\/p><\/div><\/div><\/div><\/div><\/div><\/div>\n<\/div><\/div><\/div><\/div>\n","protected":false},"excerpt":{"rendered":"","protected":false},"author":8,"featured_media":8488,"parent":0,"menu_order":0,"comment_status":"closed","ping_status":"closed","template":"","meta":{"footnotes":""},"class_list":["post-8480","page","type-page","status-publish","has-post-thumbnail","hentry"],"blocksy_meta":{"styles_descriptor":{"styles":{"desktop":"","tablet":"","mobile":""},"google_fonts":[],"version":6}},"featured_image_urls_v2":{"full":["https:\/\/www.palestina.cat\/wp-content\/uploads\/2021\/07\/Foto_Amb-lApartheid-no-2-720x380-1.jpg",720,380,false],"thumbnail":["https:\/\/www.palestina.cat\/wp-content\/uploads\/2021\/07\/Foto_Amb-lApartheid-no-2-720x380-1-150x150.jpg",150,150,true],"medium":["https:\/\/www.palestina.cat\/wp-content\/uploads\/2021\/07\/Foto_Amb-lApartheid-no-2-720x380-1-300x158.jpg",300,158,true],"medium_large":["https:\/\/www.palestina.cat\/wp-content\/uploads\/2021\/07\/Foto_Amb-lApartheid-no-2-720x380-1.jpg",720,380,false],"large":["https:\/\/www.palestina.cat\/wp-content\/uploads\/2021\/07\/Foto_Amb-lApartheid-no-2-720x380-1.jpg",720,380,false],"1536x1536":["https:\/\/www.palestina.cat\/wp-content\/uploads\/2021\/07\/Foto_Amb-lApartheid-no-2-720x380-1.jpg",720,380,false],"2048x2048":["https:\/\/www.palestina.cat\/wp-content\/uploads\/2021\/07\/Foto_Amb-lApartheid-no-2-720x380-1.jpg",720,380,false],"rpwe-thumbnail":["https:\/\/www.palestina.cat\/wp-content\/uploads\/2021\/07\/Foto_Amb-lApartheid-no-2-720x380-1-45x45.jpg",45,45,true]},"post_excerpt_stackable_v2":"<p>Sept 1998Firma del hermanamientoEl 24 de septiembre de 1998 Joan Clos, Aown Shawa y Roni Milo firman el acuerdo de hermanamiento entre las ciudadesde Barcelona, \u200b\u200bGaza y Tel Aviv, una iniciativa quebuscaba el apoyo de las tres ciudades a los acuerdos de Oslo. Julio de 2005Llamamiento de la sociedad civil palestina en el Boicot, las Desinversiones y las Sanciones (BDS)Los acuerdos de Oslo y su fracaso llevan a una situaci\u00f3n en la que Israel expande las colonias, construye el Muro del Apartheid e incrementa los bombardeos. Un a\u00f1o despu\u00e9s de que la Corte Internacional de Justicia (CIJ) resolviera que el&hellip;<\/p>\n","category_list_v2":"","author_info_v2":{"name":"maboali","url":"https:\/\/www.palestina.cat\/es\/author\/mjamal\/"},"comments_num_v2":"0 comentarios","yoast_head":"<!-- This site is optimized with the Yoast SEO Premium plugin v19.4 (Yoast SEO v20.8) - https:\/\/yoast.com\/wordpress\/plugins\/seo\/ -->\n<title>Rompamos el Hermanamiento de BCN con Tel Aviv: cronolog\u00eda de 15 a\u00f1os de lucha - Comunitat Palestina de Catalunya<\/title>\n<meta name=\"robots\" content=\"index, follow, max-snippet:-1, max-image-preview:large, max-video-preview:-1\" \/>\n<link rel=\"canonical\" href=\"https:\/\/www.palestina.cat\/es\/rompamos-el-hermanamiento-de-bcn-con-tel-aviv-cronologia-de-15-anos-de-lucha\/\" \/>\n<meta property=\"og:locale\" content=\"es_ES\" \/>\n<meta property=\"og:type\" content=\"article\" \/>\n<meta property=\"og:title\" content=\"Rompamos el Hermanamiento de BCN con Tel Aviv: cronolog\u00eda de 15 a\u00f1os de lucha\" \/>\n<meta property=\"og:url\" content=\"https:\/\/www.palestina.cat\/es\/rompamos-el-hermanamiento-de-bcn-con-tel-aviv-cronologia-de-15-anos-de-lucha\/\" \/>\n<meta property=\"og:site_name\" content=\"Comunitat Palestina de Catalunya\" \/>\n<meta property=\"article:publisher\" content=\"https:\/\/www.facebook.com\/comunitat.palestina\" \/>\n<meta property=\"article:modified_time\" content=\"2023-11-28T08:48:24+00:00\" \/>\n<meta property=\"og:image\" content=\"https:\/\/www.palestina.cat\/wp-content\/uploads\/2021\/07\/Foto_Amb-lApartheid-no-2-720x380-1.jpg\" \/>\n\t<meta property=\"og:image:width\" content=\"720\" \/>\n\t<meta property=\"og:image:height\" content=\"380\" \/>\n\t<meta property=\"og:image:type\" content=\"image\/jpeg\" \/>\n<meta name=\"twitter:card\" content=\"summary_large_image\" \/>\n<meta name=\"twitter:site\" content=\"@palestina_cat\" \/>\n<meta name=\"twitter:label1\" content=\"Tiempo de lectura\" \/>\n\t<meta name=\"twitter:data1\" content=\"3 minutos\" \/>\n<script type=\"application\/ld+json\" class=\"yoast-schema-graph\">{\"@context\":\"https:\/\/schema.org\",\"@graph\":[{\"@type\":\"WebPage\",\"@id\":\"https:\/\/www.palestina.cat\/es\/rompamos-el-hermanamiento-de-bcn-con-tel-aviv-cronologia-de-15-anos-de-lucha\/\",\"url\":\"https:\/\/www.palestina.cat\/es\/rompamos-el-hermanamiento-de-bcn-con-tel-aviv-cronologia-de-15-anos-de-lucha\/\",\"name\":\"Rompamos el Hermanamiento de BCN con Tel Aviv: cronolog\u00eda de 15 a\u00f1os de lucha - Comunitat Palestina de Catalunya\",\"isPartOf\":{\"@id\":\"https:\/\/www.palestina.cat\/es\/#website\"},\"datePublished\":\"2023-01-09T20:55:23+00:00\",\"dateModified\":\"2023-11-28T08:48:24+00:00\",\"breadcrumb\":{\"@id\":\"https:\/\/www.palestina.cat\/es\/rompamos-el-hermanamiento-de-bcn-con-tel-aviv-cronologia-de-15-anos-de-lucha\/#breadcrumb\"},\"inLanguage\":\"es\",\"potentialAction\":[{\"@type\":\"ReadAction\",\"target\":[\"https:\/\/www.palestina.cat\/es\/rompamos-el-hermanamiento-de-bcn-con-tel-aviv-cronologia-de-15-anos-de-lucha\/\"]}]},{\"@type\":\"BreadcrumbList\",\"@id\":\"https:\/\/www.palestina.cat\/es\/rompamos-el-hermanamiento-de-bcn-con-tel-aviv-cronologia-de-15-anos-de-lucha\/#breadcrumb\",\"itemListElement\":[{\"@type\":\"ListItem\",\"position\":1,\"name\":\"Portada\",\"item\":\"https:\/\/www.palestina.cat\/es\/\"},{\"@type\":\"ListItem\",\"position\":2,\"name\":\"Rompamos el Hermanamiento de BCN con Tel Aviv: cronolog\u00eda de 15 a\u00f1os de lucha\"}]},{\"@type\":\"WebSite\",\"@id\":\"https:\/\/www.palestina.cat\/es\/#website\",\"url\":\"https:\/\/www.palestina.cat\/es\/\",\"name\":\"Palestinian Community of Catalonia\",\"description\":\"L&#039;associaci\u00f3 dels palestins i les palestines residents a Catalunya\",\"publisher\":{\"@id\":\"https:\/\/www.palestina.cat\/es\/#organization\"},\"potentialAction\":[{\"@type\":\"SearchAction\",\"target\":{\"@type\":\"EntryPoint\",\"urlTemplate\":\"https:\/\/www.palestina.cat\/es\/?s={search_term_string}\"},\"query-input\":\"required name=search_term_string\"}],\"inLanguage\":\"es\"},{\"@type\":\"Organization\",\"@id\":\"https:\/\/www.palestina.cat\/es\/#organization\",\"name\":\"Comunitat Paletina de Catalunya\",\"alternateName\":\"Comunidad Palestina de Catalu\u00f1a\",\"url\":\"https:\/\/www.palestina.cat\/es\/\",\"logo\":{\"@type\":\"ImageObject\",\"inLanguage\":\"es\",\"@id\":\"https:\/\/www.palestina.cat\/es\/#\/schema\/logo\/image\/\",\"url\":\"https:\/\/www.palestina.cat\/wp-content\/uploads\/2020\/10\/cropped-logo_comunitat1-1.png\",\"contentUrl\":\"https:\/\/www.palestina.cat\/wp-content\/uploads\/2020\/10\/cropped-logo_comunitat1-1.png\",\"width\":512,\"height\":512,\"caption\":\"Comunitat Paletina de Catalunya\"},\"image\":{\"@id\":\"https:\/\/www.palestina.cat\/es\/#\/schema\/logo\/image\/\"},\"sameAs\":[\"https:\/\/www.facebook.com\/comunitat.palestina\",\"https:\/\/twitter.com\/palestina_cat\"]}]}<\/script>\n<!-- \/ Yoast SEO Premium plugin. -->","yoast_head_json":{"title":"Rompamos el Hermanamiento de BCN con Tel Aviv: cronolog\u00eda de 15 a\u00f1os de lucha - Comunitat Palestina de Catalunya","robots":{"index":"index","follow":"follow","max-snippet":"max-snippet:-1","max-image-preview":"max-image-preview:large","max-video-preview":"max-video-preview:-1"},"canonical":"https:\/\/www.palestina.cat\/es\/rompamos-el-hermanamiento-de-bcn-con-tel-aviv-cronologia-de-15-anos-de-lucha\/","og_locale":"es_ES","og_type":"article","og_title":"Rompamos el Hermanamiento de BCN con Tel Aviv: cronolog\u00eda de 15 a\u00f1os de lucha","og_url":"https:\/\/www.palestina.cat\/es\/rompamos-el-hermanamiento-de-bcn-con-tel-aviv-cronologia-de-15-anos-de-lucha\/","og_site_name":"Comunitat Palestina de Catalunya","article_publisher":"https:\/\/www.facebook.com\/comunitat.palestina","article_modified_time":"2023-11-28T08:48:24+00:00","og_image":[{"width":720,"height":380,"url":"https:\/\/www.palestina.cat\/wp-content\/uploads\/2021\/07\/Foto_Amb-lApartheid-no-2-720x380-1.jpg","type":"image\/jpeg"}],"twitter_card":"summary_large_image","twitter_site":"@palestina_cat","twitter_misc":{"Tiempo de lectura":"3 minutos"},"schema":{"@context":"https:\/\/schema.org","@graph":[{"@type":"WebPage","@id":"https:\/\/www.palestina.cat\/es\/rompamos-el-hermanamiento-de-bcn-con-tel-aviv-cronologia-de-15-anos-de-lucha\/","url":"https:\/\/www.palestina.cat\/es\/rompamos-el-hermanamiento-de-bcn-con-tel-aviv-cronologia-de-15-anos-de-lucha\/","name":"Rompamos el Hermanamiento de BCN con Tel Aviv: cronolog\u00eda de 15 a\u00f1os de lucha - Comunitat Palestina de Catalunya","isPartOf":{"@id":"https:\/\/www.palestina.cat\/es\/#website"},"datePublished":"2023-01-09T20:55:23+00:00","dateModified":"2023-11-28T08:48:24+00:00","breadcrumb":{"@id":"https:\/\/www.palestina.cat\/es\/rompamos-el-hermanamiento-de-bcn-con-tel-aviv-cronologia-de-15-anos-de-lucha\/#breadcrumb"},"inLanguage":"es","potentialAction":[{"@type":"ReadAction","target":["https:\/\/www.palestina.cat\/es\/rompamos-el-hermanamiento-de-bcn-con-tel-aviv-cronologia-de-15-anos-de-lucha\/"]}]},{"@type":"BreadcrumbList","@id":"https:\/\/www.palestina.cat\/es\/rompamos-el-hermanamiento-de-bcn-con-tel-aviv-cronologia-de-15-anos-de-lucha\/#breadcrumb","itemListElement":[{"@type":"ListItem","position":1,"name":"Portada","item":"https:\/\/www.palestina.cat\/es\/"},{"@type":"ListItem","position":2,"name":"Rompamos el Hermanamiento de BCN con Tel Aviv: cronolog\u00eda de 15 a\u00f1os de lucha"}]},{"@type":"WebSite","@id":"https:\/\/www.palestina.cat\/es\/#website","url":"https:\/\/www.palestina.cat\/es\/","name":"Palestinian Community of Catalonia","description":"L&#039;associaci\u00f3 dels palestins i les palestines residents a Catalunya","publisher":{"@id":"https:\/\/www.palestina.cat\/es\/#organization"},"potentialAction":[{"@type":"SearchAction","target":{"@type":"EntryPoint","urlTemplate":"https:\/\/www.palestina.cat\/es\/?s={search_term_string}"},"query-input":"required name=search_term_string"}],"inLanguage":"es"},{"@type":"Organization","@id":"https:\/\/www.palestina.cat\/es\/#organization","name":"Comunitat Paletina de Catalunya","alternateName":"Comunidad Palestina de Catalu\u00f1a","url":"https:\/\/www.palestina.cat\/es\/","logo":{"@type":"ImageObject","inLanguage":"es","@id":"https:\/\/www.palestina.cat\/es\/#\/schema\/logo\/image\/","url":"https:\/\/www.palestina.cat\/wp-content\/uploads\/2020\/10\/cropped-logo_comunitat1-1.png","contentUrl":"https:\/\/www.palestina.cat\/wp-content\/uploads\/2020\/10\/cropped-logo_comunitat1-1.png","width":512,"height":512,"caption":"Comunitat Paletina de Catalunya"},"image":{"@id":"https:\/\/www.palestina.cat\/es\/#\/schema\/logo\/image\/"},"sameAs":["https:\/\/www.facebook.com\/comunitat.palestina","https:\/\/twitter.com\/palestina_cat"]}]}},"_links":{"self":[{"href":"https:\/\/www.palestina.cat\/es\/wp-json\/wp\/v2\/pages\/8480","targetHints":{"allow":["GET"]}}],"collection":[{"href":"https:\/\/www.palestina.cat\/es\/wp-json\/wp\/v2\/pages"}],"about":[{"href":"https:\/\/www.palestina.cat\/es\/wp-json\/wp\/v2\/types\/page"}],"author":[{"embeddable":true,"href":"https:\/\/www.palestina.cat\/es\/wp-json\/wp\/v2\/users\/8"}],"replies":[{"embeddable":true,"href":"https:\/\/www.palestina.cat\/es\/wp-json\/wp\/v2\/comments?post=8480"}],"version-history":[{"count":1,"href":"https:\/\/www.palestina.cat\/es\/wp-json\/wp\/v2\/pages\/8480\/revisions"}],"predecessor-version":[{"id":8492,"href":"https:\/\/www.palestina.cat\/es\/wp-json\/wp\/v2\/pages\/8480\/revisions\/8492"}],"wp:featuredmedia":[{"embeddable":true,"href":"https:\/\/www.palestina.cat\/es\/wp-json\/wp\/v2\/media\/8488"}],"wp:attachment":[{"href":"https:\/\/www.palestina.cat\/es\/wp-json\/wp\/v2\/media?parent=8480"}],"curies":[{"name":"wp","href":"https:\/\/api.w.org\/{rel}","templated":true}]}}