{"id":8247,"date":"2021-05-19T13:48:55","date_gmt":"2021-05-19T11:48:55","guid":{"rendered":"https:\/\/www.palestina.cat\/movilizaciones-por-palestina-primavera-2021\/"},"modified":"2023-11-28T10:42:25","modified_gmt":"2023-11-28T08:42:25","slug":"movilizaciones-por-palestina-primavera-2021","status":"publish","type":"page","link":"https:\/\/www.palestina.cat\/es\/movilizaciones-por-palestina-primavera-2021\/","title":{"rendered":"Movilizaciones por Palestina Primavera 2021"},"content":{"rendered":"\n<figure class=\"wp-block-gallery columns-4 wp-block-gallery-1 is-layout-flex wp-block-gallery-is-layout-flex\"><ul class=\"blocks-gallery-grid\"><li class=\"blocks-gallery-item\"><figure><a href=\"https:\/\/www.palestina.cat\/?attachment_id=6424\"><img loading=\"lazy\" decoding=\"async\" width=\"300\" height=\"169\" src=\"https:\/\/www.palestina.cat\/wp-content\/uploads\/2021\/05\/Alacant-300x169.jpg\" alt=\"\" data-id=\"6424\" data-link=\"https:\/\/www.palestina.cat\/?attachment_id=6424\" class=\"wp-image-6424\" srcset=\"https:\/\/www.palestina.cat\/wp-content\/uploads\/2021\/05\/Alacant-300x169.jpg 300w, https:\/\/www.palestina.cat\/wp-content\/uploads\/2021\/05\/Alacant-1024x576.jpg 1024w, https:\/\/www.palestina.cat\/wp-content\/uploads\/2021\/05\/Alacant-768x432.jpg 768w, https:\/\/www.palestina.cat\/wp-content\/uploads\/2021\/05\/Alacant-1536x864.jpg 1536w, https:\/\/www.palestina.cat\/wp-content\/uploads\/2021\/05\/Alacant.jpg 2048w\" sizes=\"auto, (max-width: 300px) 100vw, 300px\" \/><\/a><\/figure><\/li><li class=\"blocks-gallery-item\"><figure><a href=\"https:\/\/www.palestina.cat\/?attachment_id=6425\"><img loading=\"lazy\" decoding=\"async\" width=\"300\" height=\"225\" src=\"https:\/\/www.palestina.cat\/wp-content\/uploads\/2021\/05\/Barcelona-300x225.jpg\" alt=\"\" data-id=\"6425\" data-link=\"https:\/\/www.palestina.cat\/?attachment_id=6425\" class=\"wp-image-6425\" srcset=\"https:\/\/www.palestina.cat\/wp-content\/uploads\/2021\/05\/Barcelona-300x225.jpg 300w, https:\/\/www.palestina.cat\/wp-content\/uploads\/2021\/05\/Barcelona-1024x769.jpg 1024w, https:\/\/www.palestina.cat\/wp-content\/uploads\/2021\/05\/Barcelona-768x577.jpg 768w, https:\/\/www.palestina.cat\/wp-content\/uploads\/2021\/05\/Barcelona.jpg 1212w\" sizes=\"auto, (max-width: 300px) 100vw, 300px\" \/><\/a><\/figure><\/li><li class=\"blocks-gallery-item\"><figure><a href=\"https:\/\/www.palestina.cat\/?attachment_id=6426\"><img loading=\"lazy\" decoding=\"async\" width=\"300\" height=\"300\" src=\"https:\/\/www.palestina.cat\/wp-content\/uploads\/2021\/05\/Barcelona_10-300x300.jpg\" alt=\"\" data-id=\"6426\" data-link=\"https:\/\/www.palestina.cat\/?attachment_id=6426\" class=\"wp-image-6426\" srcset=\"https:\/\/www.palestina.cat\/wp-content\/uploads\/2021\/05\/Barcelona_10-300x300.jpg 300w, https:\/\/www.palestina.cat\/wp-content\/uploads\/2021\/05\/Barcelona_10-150x150.jpg 150w, https:\/\/www.palestina.cat\/wp-content\/uploads\/2021\/05\/Barcelona_10-768x768.jpg 768w, https:\/\/www.palestina.cat\/wp-content\/uploads\/2021\/05\/Barcelona_10.jpg 1024w\" sizes=\"auto, (max-width: 300px) 100vw, 300px\" \/><\/a><\/figure><\/li><li class=\"blocks-gallery-item\"><figure><a href=\"https:\/\/www.palestina.cat\/?attachment_id=6427\"><img loading=\"lazy\" decoding=\"async\" width=\"300\" height=\"300\" src=\"https:\/\/www.palestina.cat\/wp-content\/uploads\/2021\/05\/Barceona_18-300x300.jpg\" alt=\"\" data-id=\"6427\" data-link=\"https:\/\/www.palestina.cat\/?attachment_id=6427\" class=\"wp-image-6427\" srcset=\"https:\/\/www.palestina.cat\/wp-content\/uploads\/2021\/05\/Barceona_18-300x300.jpg 300w, https:\/\/www.palestina.cat\/wp-content\/uploads\/2021\/05\/Barceona_18-1024x1022.jpg 1024w, https:\/\/www.palestina.cat\/wp-content\/uploads\/2021\/05\/Barceona_18-150x150.jpg 150w, https:\/\/www.palestina.cat\/wp-content\/uploads\/2021\/05\/Barceona_18-768x767.jpg 768w, https:\/\/www.palestina.cat\/wp-content\/uploads\/2021\/05\/Barceona_18.jpg 1080w\" sizes=\"auto, (max-width: 300px) 100vw, 300px\" \/><\/a><\/figure><\/li><li class=\"blocks-gallery-item\"><figure><a href=\"https:\/\/www.palestina.cat\/?attachment_id=6428\"><img loading=\"lazy\" decoding=\"async\" width=\"225\" height=\"300\" src=\"https:\/\/www.palestina.cat\/wp-content\/uploads\/2021\/05\/Esplugues-225x300.jpg\" alt=\"\" data-id=\"6428\" data-link=\"https:\/\/www.palestina.cat\/?attachment_id=6428\" class=\"wp-image-6428\" srcset=\"https:\/\/www.palestina.cat\/wp-content\/uploads\/2021\/05\/Esplugues-225x300.jpg 225w, https:\/\/www.palestina.cat\/wp-content\/uploads\/2021\/05\/Esplugues-768x1024.jpg 768w, https:\/\/www.palestina.cat\/wp-content\/uploads\/2021\/05\/Esplugues.jpg 1008w\" sizes=\"auto, (max-width: 225px) 100vw, 225px\" \/><\/a><\/figure><\/li><li class=\"blocks-gallery-item\"><figure><a href=\"https:\/\/www.palestina.cat\/?attachment_id=6429\"><img loading=\"lazy\" decoding=\"async\" width=\"300\" height=\"300\" src=\"https:\/\/www.palestina.cat\/wp-content\/uploads\/2021\/05\/Figueres-300x300.jpg\" alt=\"\" data-id=\"6429\" data-link=\"https:\/\/www.palestina.cat\/?attachment_id=6429\" class=\"wp-image-6429\" srcset=\"https:\/\/www.palestina.cat\/wp-content\/uploads\/2021\/05\/Figueres-300x300.jpg 300w, https:\/\/www.palestina.cat\/wp-content\/uploads\/2021\/05\/Figueres-150x150.jpg 150w, https:\/\/www.palestina.cat\/wp-content\/uploads\/2021\/05\/Figueres-768x768.jpg 768w, https:\/\/www.palestina.cat\/wp-content\/uploads\/2021\/05\/Figueres.jpg 1024w\" sizes=\"auto, (max-width: 300px) 100vw, 300px\" \/><\/a><\/figure><\/li><li class=\"blocks-gallery-item\"><figure><a href=\"https:\/\/www.palestina.cat\/?attachment_id=6430\"><img loading=\"lazy\" decoding=\"async\" width=\"212\" height=\"300\" src=\"https:\/\/www.palestina.cat\/wp-content\/uploads\/2021\/05\/general-212x300.jpg\" alt=\"\" data-id=\"6430\" data-link=\"https:\/\/www.palestina.cat\/?attachment_id=6430\" class=\"wp-image-6430\" srcset=\"https:\/\/www.palestina.cat\/wp-content\/uploads\/2021\/05\/general-212x300.jpg 212w, https:\/\/www.palestina.cat\/wp-content\/uploads\/2021\/05\/general-724x1024.jpg 724w, https:\/\/www.palestina.cat\/wp-content\/uploads\/2021\/05\/general-768x1086.jpg 768w, https:\/\/www.palestina.cat\/wp-content\/uploads\/2021\/05\/general.jpg 905w\" sizes=\"auto, (max-width: 212px) 100vw, 212px\" \/><\/a><\/figure><\/li><li class=\"blocks-gallery-item\"><figure><a href=\"https:\/\/www.palestina.cat\/?attachment_id=6431\"><img loading=\"lazy\" decoding=\"async\" width=\"300\" height=\"225\" src=\"https:\/\/www.palestina.cat\/wp-content\/uploads\/2021\/05\/granollers-300x225.jpg\" alt=\"\" data-id=\"6431\" data-link=\"https:\/\/www.palestina.cat\/?attachment_id=6431\" class=\"wp-image-6431\" srcset=\"https:\/\/www.palestina.cat\/wp-content\/uploads\/2021\/05\/granollers-300x225.jpg 300w, https:\/\/www.palestina.cat\/wp-content\/uploads\/2021\/05\/granollers-1024x768.jpg 1024w, https:\/\/www.palestina.cat\/wp-content\/uploads\/2021\/05\/granollers-768x576.jpg 768w, https:\/\/www.palestina.cat\/wp-content\/uploads\/2021\/05\/granollers-1536x1152.jpg 1536w, https:\/\/www.palestina.cat\/wp-content\/uploads\/2021\/05\/granollers.jpg 1600w\" sizes=\"auto, (max-width: 300px) 100vw, 300px\" \/><\/a><\/figure><\/li><li class=\"blocks-gallery-item\"><figure><a href=\"https:\/\/www.palestina.cat\/?attachment_id=6432\"><img loading=\"lazy\" decoding=\"async\" width=\"300\" height=\"300\" src=\"https:\/\/www.palestina.cat\/wp-content\/uploads\/2021\/05\/Lleida-300x300.jpg\" alt=\"\" data-id=\"6432\" data-link=\"https:\/\/www.palestina.cat\/?attachment_id=6432\" class=\"wp-image-6432\" srcset=\"https:\/\/www.palestina.cat\/wp-content\/uploads\/2021\/05\/Lleida-300x300.jpg 300w, https:\/\/www.palestina.cat\/wp-content\/uploads\/2021\/05\/Lleida-1024x1024.jpg 1024w, https:\/\/www.palestina.cat\/wp-content\/uploads\/2021\/05\/Lleida-150x150.jpg 150w, https:\/\/www.palestina.cat\/wp-content\/uploads\/2021\/05\/Lleida-768x768.jpg 768w, https:\/\/www.palestina.cat\/wp-content\/uploads\/2021\/05\/Lleida.jpg 1080w\" sizes=\"auto, (max-width: 300px) 100vw, 300px\" \/><\/a><\/figure><\/li><li class=\"blocks-gallery-item\"><figure><a href=\"https:\/\/www.palestina.cat\/?attachment_id=6433\"><img loading=\"lazy\" decoding=\"async\" width=\"300\" height=\"300\" src=\"https:\/\/www.palestina.cat\/wp-content\/uploads\/2021\/05\/manresa-300x300.jpg\" alt=\"\" data-id=\"6433\" data-link=\"https:\/\/www.palestina.cat\/?attachment_id=6433\" class=\"wp-image-6433\" srcset=\"https:\/\/www.palestina.cat\/wp-content\/uploads\/2021\/05\/manresa-300x300.jpg 300w, https:\/\/www.palestina.cat\/wp-content\/uploads\/2021\/05\/manresa-1024x1024.jpg 1024w, https:\/\/www.palestina.cat\/wp-content\/uploads\/2021\/05\/manresa-150x150.jpg 150w, https:\/\/www.palestina.cat\/wp-content\/uploads\/2021\/05\/manresa-768x768.jpg 768w, https:\/\/www.palestina.cat\/wp-content\/uploads\/2021\/05\/manresa.jpg 1280w\" sizes=\"auto, (max-width: 300px) 100vw, 300px\" \/><\/a><\/figure><\/li><li class=\"blocks-gallery-item\"><figure><a href=\"https:\/\/www.palestina.cat\/?attachment_id=6434\"><img loading=\"lazy\" decoding=\"async\" width=\"300\" height=\"300\" src=\"https:\/\/www.palestina.cat\/wp-content\/uploads\/2021\/05\/Mao-300x300.jpg\" alt=\"\" data-id=\"6434\" data-link=\"https:\/\/www.palestina.cat\/?attachment_id=6434\" class=\"wp-image-6434\" srcset=\"https:\/\/www.palestina.cat\/wp-content\/uploads\/2021\/05\/Mao-300x300.jpg 300w, https:\/\/www.palestina.cat\/wp-content\/uploads\/2021\/05\/Mao-1020x1024.jpg 1020w, https:\/\/www.palestina.cat\/wp-content\/uploads\/2021\/05\/Mao-150x150.jpg 150w, https:\/\/www.palestina.cat\/wp-content\/uploads\/2021\/05\/Mao-768x771.jpg 768w, https:\/\/www.palestina.cat\/wp-content\/uploads\/2021\/05\/Mao-1529x1536.jpg 1529w, https:\/\/www.palestina.cat\/wp-content\/uploads\/2021\/05\/Mao.jpg 1586w\" sizes=\"auto, (max-width: 300px) 100vw, 300px\" \/><\/a><\/figure><\/li><li class=\"blocks-gallery-item\"><figure><a href=\"https:\/\/www.palestina.cat\/?attachment_id=6435\"><img loading=\"lazy\" decoding=\"async\" width=\"300\" height=\"225\" src=\"https:\/\/www.palestina.cat\/wp-content\/uploads\/2021\/05\/sabadell-1-300x225.jpg\" alt=\"\" data-id=\"6435\" data-link=\"https:\/\/www.palestina.cat\/?attachment_id=6435\" class=\"wp-image-6435\" srcset=\"https:\/\/www.palestina.cat\/wp-content\/uploads\/2021\/05\/sabadell-1-300x225.jpg 300w, https:\/\/www.palestina.cat\/wp-content\/uploads\/2021\/05\/sabadell-1-1024x768.jpg 1024w, https:\/\/www.palestina.cat\/wp-content\/uploads\/2021\/05\/sabadell-1-768x576.jpg 768w, https:\/\/www.palestina.cat\/wp-content\/uploads\/2021\/05\/sabadell-1.jpg 1280w\" sizes=\"auto, (max-width: 300px) 100vw, 300px\" \/><\/a><\/figure><\/li><li class=\"blocks-gallery-item\"><figure><a href=\"https:\/\/www.palestina.cat\/?attachment_id=6436\"><img loading=\"lazy\" decoding=\"async\" width=\"300\" height=\"300\" src=\"https:\/\/www.palestina.cat\/wp-content\/uploads\/2021\/05\/vic-300x300.jpg\" alt=\"\" data-id=\"6436\" data-link=\"https:\/\/www.palestina.cat\/?attachment_id=6436\" class=\"wp-image-6436\" srcset=\"https:\/\/www.palestina.cat\/wp-content\/uploads\/2021\/05\/vic-300x300.jpg 300w, https:\/\/www.palestina.cat\/wp-content\/uploads\/2021\/05\/vic-1024x1024.jpg 1024w, https:\/\/www.palestina.cat\/wp-content\/uploads\/2021\/05\/vic-150x150.jpg 150w, https:\/\/www.palestina.cat\/wp-content\/uploads\/2021\/05\/vic-768x768.jpg 768w, https:\/\/www.palestina.cat\/wp-content\/uploads\/2021\/05\/vic.jpg 1080w\" sizes=\"auto, (max-width: 300px) 100vw, 300px\" \/><\/a><\/figure><\/li><li class=\"blocks-gallery-item\"><figure><a href=\"https:\/\/www.palestina.cat\/?attachment_id=6437\"><img loading=\"lazy\" decoding=\"async\" width=\"240\" height=\"300\" src=\"https:\/\/www.palestina.cat\/wp-content\/uploads\/2021\/05\/vilafranca-240x300.jpg\" alt=\"\" data-id=\"6437\" data-link=\"https:\/\/www.palestina.cat\/?attachment_id=6437\" class=\"wp-image-6437\" srcset=\"https:\/\/www.palestina.cat\/wp-content\/uploads\/2021\/05\/vilafranca-240x300.jpg 240w, https:\/\/www.palestina.cat\/wp-content\/uploads\/2021\/05\/vilafranca-818x1024.jpg 818w, https:\/\/www.palestina.cat\/wp-content\/uploads\/2021\/05\/vilafranca-768x962.jpg 768w, https:\/\/www.palestina.cat\/wp-content\/uploads\/2021\/05\/vilafranca.jpg 1022w\" sizes=\"auto, (max-width: 240px) 100vw, 240px\" \/><\/a><\/figure><\/li><li class=\"blocks-gallery-item\"><figure><a href=\"https:\/\/www.palestina.cat\/?attachment_id=6487\"><img loading=\"lazy\" decoding=\"async\" width=\"187\" height=\"300\" src=\"https:\/\/www.palestina.cat\/wp-content\/uploads\/2021\/05\/19-de-Maig-Moncada-187x300.jpg\" alt=\"\" data-id=\"6487\" data-link=\"https:\/\/www.palestina.cat\/?attachment_id=6487\" class=\"wp-image-6487\" srcset=\"https:\/\/www.palestina.cat\/wp-content\/uploads\/2021\/05\/19-de-Maig-Moncada-187x300.jpg 187w, https:\/\/www.palestina.cat\/wp-content\/uploads\/2021\/05\/19-de-Maig-Moncada.jpg 489w\" sizes=\"auto, (max-width: 187px) 100vw, 187px\" \/><\/a><\/figure><\/li><li class=\"blocks-gallery-item\"><figure><a href=\"https:\/\/www.palestina.cat\/?attachment_id=6488\"><img loading=\"lazy\" decoding=\"async\" width=\"212\" height=\"300\" src=\"https:\/\/www.palestina.cat\/wp-content\/uploads\/2021\/05\/19-Maig-Rubi-212x300.jpg\" alt=\"\" data-id=\"6488\" data-link=\"https:\/\/www.palestina.cat\/?attachment_id=6488\" class=\"wp-image-6488\" srcset=\"https:\/\/www.palestina.cat\/wp-content\/uploads\/2021\/05\/19-Maig-Rubi-212x300.jpg 212w, https:\/\/www.palestina.cat\/wp-content\/uploads\/2021\/05\/19-Maig-Rubi-724x1024.jpg 724w, https:\/\/www.palestina.cat\/wp-content\/uploads\/2021\/05\/19-Maig-Rubi-768x1086.jpg 768w, https:\/\/www.palestina.cat\/wp-content\/uploads\/2021\/05\/19-Maig-Rubi-1086x1536.jpg 1086w, https:\/\/www.palestina.cat\/wp-content\/uploads\/2021\/05\/19-Maig-Rubi.jpg 1131w\" sizes=\"auto, (max-width: 212px) 100vw, 212px\" \/><\/a><\/figure><\/li><li class=\"blocks-gallery-item\"><figure><a href=\"https:\/\/www.palestina.cat\/?attachment_id=6489\"><img loading=\"lazy\" decoding=\"async\" width=\"169\" height=\"300\" src=\"https:\/\/www.palestina.cat\/wp-content\/uploads\/2021\/05\/14-maig-reus-169x300.jpg\" alt=\"\" data-id=\"6489\" data-link=\"https:\/\/www.palestina.cat\/?attachment_id=6489\" class=\"wp-image-6489\" srcset=\"https:\/\/www.palestina.cat\/wp-content\/uploads\/2021\/05\/14-maig-reus-169x300.jpg 169w, https:\/\/www.palestina.cat\/wp-content\/uploads\/2021\/05\/14-maig-reus-576x1024.jpg 576w, https:\/\/www.palestina.cat\/wp-content\/uploads\/2021\/05\/14-maig-reus-768x1365.jpg 768w, https:\/\/www.palestina.cat\/wp-content\/uploads\/2021\/05\/14-maig-reus-864x1536.jpg 864w, https:\/\/www.palestina.cat\/wp-content\/uploads\/2021\/05\/14-maig-reus.jpg 1152w\" sizes=\"auto, (max-width: 169px) 100vw, 169px\" \/><\/a><\/figure><\/li><li class=\"blocks-gallery-item\"><figure><a href=\"https:\/\/www.palestina.cat\/?attachment_id=6490\"><img loading=\"lazy\" decoding=\"async\" width=\"300\" height=\"166\" src=\"https:\/\/www.palestina.cat\/wp-content\/uploads\/2021\/05\/15-Maig-Cellera-de-Ter-300x166.jpg\" alt=\"\" data-id=\"6490\" data-link=\"https:\/\/www.palestina.cat\/?attachment_id=6490\" class=\"wp-image-6490\" srcset=\"https:\/\/www.palestina.cat\/wp-content\/uploads\/2021\/05\/15-Maig-Cellera-de-Ter-300x166.jpg 300w, https:\/\/www.palestina.cat\/wp-content\/uploads\/2021\/05\/15-Maig-Cellera-de-Ter-1024x566.jpg 1024w, https:\/\/www.palestina.cat\/wp-content\/uploads\/2021\/05\/15-Maig-Cellera-de-Ter-768x425.jpg 768w, https:\/\/www.palestina.cat\/wp-content\/uploads\/2021\/05\/15-Maig-Cellera-de-Ter.jpg 1080w\" sizes=\"auto, (max-width: 300px) 100vw, 300px\" \/><\/a><\/figure><\/li><li class=\"blocks-gallery-item\"><figure><a href=\"https:\/\/www.palestina.cat\/?attachment_id=6492\"><img loading=\"lazy\" decoding=\"async\" width=\"300\" height=\"211\" src=\"https:\/\/www.palestina.cat\/wp-content\/uploads\/2021\/05\/girona_22-2-300x211.jpg\" alt=\"\" data-id=\"6492\" data-link=\"https:\/\/www.palestina.cat\/?attachment_id=6492\" class=\"wp-image-6492\" srcset=\"https:\/\/www.palestina.cat\/wp-content\/uploads\/2021\/05\/girona_22-2-300x211.jpg 300w, https:\/\/www.palestina.cat\/wp-content\/uploads\/2021\/05\/girona_22-2-1024x719.jpg 1024w, https:\/\/www.palestina.cat\/wp-content\/uploads\/2021\/05\/girona_22-2-768x539.jpg 768w, https:\/\/www.palestina.cat\/wp-content\/uploads\/2021\/05\/girona_22-2.jpg 1242w\" sizes=\"auto, (max-width: 300px) 100vw, 300px\" \/><\/a><\/figure><\/li><li class=\"blocks-gallery-item\"><figure><a href=\"https:\/\/www.palestina.cat\/?attachment_id=6493\"><img loading=\"lazy\" decoding=\"async\" width=\"225\" height=\"300\" src=\"https:\/\/www.palestina.cat\/wp-content\/uploads\/2021\/05\/sabadell2-2-225x300.jpg\" alt=\"\" data-id=\"6493\" data-link=\"https:\/\/www.palestina.cat\/?attachment_id=6493\" class=\"wp-image-6493\" srcset=\"https:\/\/www.palestina.cat\/wp-content\/uploads\/2021\/05\/sabadell2-2-225x300.jpg 225w, https:\/\/www.palestina.cat\/wp-content\/uploads\/2021\/05\/sabadell2-2.jpg 675w\" sizes=\"auto, (max-width: 225px) 100vw, 225px\" \/><\/a><\/figure><\/li><li class=\"blocks-gallery-item\"><figure><a href=\"https:\/\/www.palestina.cat\/?attachment_id=6494\"><img loading=\"lazy\" decoding=\"async\" width=\"300\" height=\"300\" src=\"https:\/\/www.palestina.cat\/wp-content\/uploads\/2021\/05\/st-boi-1-2-300x300.jpg\" alt=\"\" data-id=\"6494\" data-link=\"https:\/\/www.palestina.cat\/?attachment_id=6494\" class=\"wp-image-6494\" srcset=\"https:\/\/www.palestina.cat\/wp-content\/uploads\/2021\/05\/st-boi-1-2-300x300.jpg 300w, https:\/\/www.palestina.cat\/wp-content\/uploads\/2021\/05\/st-boi-1-2-150x150.jpg 150w, https:\/\/www.palestina.cat\/wp-content\/uploads\/2021\/05\/st-boi-1-2-768x768.jpg 768w, https:\/\/www.palestina.cat\/wp-content\/uploads\/2021\/05\/st-boi-1-2.jpg 900w\" sizes=\"auto, (max-width: 300px) 100vw, 300px\" \/><\/a><\/figure><\/li><li class=\"blocks-gallery-item\"><figure><a href=\"https:\/\/www.palestina.cat\/?attachment_id=6495\"><img loading=\"lazy\" decoding=\"async\" width=\"139\" height=\"300\" src=\"https:\/\/www.palestina.cat\/wp-content\/uploads\/2021\/05\/st_coloma2-2-139x300.jpg\" alt=\"\" data-id=\"6495\" data-link=\"https:\/\/www.palestina.cat\/?attachment_id=6495\" class=\"wp-image-6495\" srcset=\"https:\/\/www.palestina.cat\/wp-content\/uploads\/2021\/05\/st_coloma2-2-139x300.jpg 139w, https:\/\/www.palestina.cat\/wp-content\/uploads\/2021\/05\/st_coloma2-2-473x1024.jpg 473w, https:\/\/www.palestina.cat\/wp-content\/uploads\/2021\/05\/st_coloma2-2-768x1663.jpg 768w, https:\/\/www.palestina.cat\/wp-content\/uploads\/2021\/05\/st_coloma2-2-710x1536.jpg 710w, https:\/\/www.palestina.cat\/wp-content\/uploads\/2021\/05\/st_coloma2-2.jpg 946w\" sizes=\"auto, (max-width: 139px) 100vw, 139px\" \/><\/a><\/figure><\/li><li class=\"blocks-gallery-item\"><figure><a href=\"https:\/\/www.palestina.cat\/?attachment_id=6496\"><img loading=\"lazy\" decoding=\"async\" width=\"300\" height=\"213\" src=\"https:\/\/www.palestina.cat\/wp-content\/uploads\/2021\/05\/general-3-300x213.jpg\" alt=\"\" data-id=\"6496\" data-link=\"https:\/\/www.palestina.cat\/?attachment_id=6496\" class=\"wp-image-6496\" srcset=\"https:\/\/www.palestina.cat\/wp-content\/uploads\/2021\/05\/general-3-300x213.jpg 300w, https:\/\/www.palestina.cat\/wp-content\/uploads\/2021\/05\/general-3-1024x727.jpg 1024w, https:\/\/www.palestina.cat\/wp-content\/uploads\/2021\/05\/general-3-768x545.jpg 768w, https:\/\/www.palestina.cat\/wp-content\/uploads\/2021\/05\/general-3-1536x1090.jpg 1536w, https:\/\/www.palestina.cat\/wp-content\/uploads\/2021\/05\/general-3.jpg 1747w\" sizes=\"auto, (max-width: 300px) 100vw, 300px\" \/><\/a><\/figure><\/li><li class=\"blocks-gallery-item\"><figure><a href=\"https:\/\/www.palestina.cat\/?attachment_id=6515\"><img loading=\"lazy\" decoding=\"async\" width=\"213\" height=\"300\" src=\"https:\/\/www.palestina.cat\/wp-content\/uploads\/2021\/05\/19-Maig-Gandia-213x300.jpg\" alt=\"\" data-id=\"6515\" data-link=\"https:\/\/www.palestina.cat\/?attachment_id=6515\" class=\"wp-image-6515\" srcset=\"https:\/\/www.palestina.cat\/wp-content\/uploads\/2021\/05\/19-Maig-Gandia-213x300.jpg 213w, https:\/\/www.palestina.cat\/wp-content\/uploads\/2021\/05\/19-Maig-Gandia-728x1024.jpg 728w, https:\/\/www.palestina.cat\/wp-content\/uploads\/2021\/05\/19-Maig-Gandia-768x1081.jpg 768w, https:\/\/www.palestina.cat\/wp-content\/uploads\/2021\/05\/19-Maig-Gandia.jpg 1080w\" sizes=\"auto, (max-width: 213px) 100vw, 213px\" \/><\/a><\/figure><\/li><li class=\"blocks-gallery-item\"><figure><a href=\"https:\/\/www.palestina.cat\/?attachment_id=6516\"><img loading=\"lazy\" decoding=\"async\" width=\"300\" height=\"175\" src=\"https:\/\/www.palestina.cat\/wp-content\/uploads\/2021\/05\/27-de-Maig-Barcelona-1-300x175.jpg\" alt=\"\" data-id=\"6516\" data-link=\"https:\/\/www.palestina.cat\/?attachment_id=6516\" class=\"wp-image-6516\" srcset=\"https:\/\/www.palestina.cat\/wp-content\/uploads\/2021\/05\/27-de-Maig-Barcelona-1-300x175.jpg 300w, https:\/\/www.palestina.cat\/wp-content\/uploads\/2021\/05\/27-de-Maig-Barcelona-1-1024x597.jpg 1024w, https:\/\/www.palestina.cat\/wp-content\/uploads\/2021\/05\/27-de-Maig-Barcelona-1-768x447.jpg 768w, https:\/\/www.palestina.cat\/wp-content\/uploads\/2021\/05\/27-de-Maig-Barcelona-1-1536x895.jpg 1536w, https:\/\/www.palestina.cat\/wp-content\/uploads\/2021\/05\/27-de-Maig-Barcelona-1.jpg 1754w\" sizes=\"auto, (max-width: 300px) 100vw, 300px\" \/><\/a><\/figure><\/li><li class=\"blocks-gallery-item\"><figure><a href=\"https:\/\/www.palestina.cat\/?attachment_id=6517\"><img loading=\"lazy\" decoding=\"async\" width=\"300\" height=\"300\" src=\"https:\/\/www.palestina.cat\/wp-content\/uploads\/2021\/05\/22-de-Maig-La-Seu-dUrgell-1-300x300.jpg\" alt=\"\" data-id=\"6517\" data-link=\"https:\/\/www.palestina.cat\/?attachment_id=6517\" class=\"wp-image-6517\" srcset=\"https:\/\/www.palestina.cat\/wp-content\/uploads\/2021\/05\/22-de-Maig-La-Seu-dUrgell-1-300x300.jpg 300w, https:\/\/www.palestina.cat\/wp-content\/uploads\/2021\/05\/22-de-Maig-La-Seu-dUrgell-1-1024x1024.jpg 1024w, https:\/\/www.palestina.cat\/wp-content\/uploads\/2021\/05\/22-de-Maig-La-Seu-dUrgell-1-150x150.jpg 150w, https:\/\/www.palestina.cat\/wp-content\/uploads\/2021\/05\/22-de-Maig-La-Seu-dUrgell-1-768x768.jpg 768w, https:\/\/www.palestina.cat\/wp-content\/uploads\/2021\/05\/22-de-Maig-La-Seu-dUrgell-1.jpg 1080w\" sizes=\"auto, (max-width: 300px) 100vw, 300px\" \/><\/a><\/figure><\/li><li class=\"blocks-gallery-item\"><figure><a href=\"https:\/\/www.palestina.cat\/?attachment_id=6563\"><img loading=\"lazy\" decoding=\"async\" width=\"300\" height=\"185\" src=\"https:\/\/www.palestina.cat\/wp-content\/uploads\/2021\/05\/19-de-Maig-Riudebitlles-300x185.jpg\" alt=\"\" data-id=\"6563\" data-link=\"https:\/\/www.palestina.cat\/?attachment_id=6563\" class=\"wp-image-6563\" srcset=\"https:\/\/www.palestina.cat\/wp-content\/uploads\/2021\/05\/19-de-Maig-Riudebitlles-300x185.jpg 300w, https:\/\/www.palestina.cat\/wp-content\/uploads\/2021\/05\/19-de-Maig-Riudebitlles-1024x632.jpg 1024w, https:\/\/www.palestina.cat\/wp-content\/uploads\/2021\/05\/19-de-Maig-Riudebitlles-768x474.jpg 768w, https:\/\/www.palestina.cat\/wp-content\/uploads\/2021\/05\/19-de-Maig-Riudebitlles.jpg 1080w\" sizes=\"auto, (max-width: 300px) 100vw, 300px\" \/><\/a><\/figure><\/li><li class=\"blocks-gallery-item\"><figure><a href=\"https:\/\/www.palestina.cat\/?attachment_id=6564\"><img loading=\"lazy\" decoding=\"async\" width=\"300\" height=\"169\" src=\"https:\/\/www.palestina.cat\/wp-content\/uploads\/2021\/05\/24-de-Maig-Barcelona2-2-300x169.jpg\" alt=\"\" data-id=\"6564\" data-link=\"https:\/\/www.palestina.cat\/?attachment_id=6564\" class=\"wp-image-6564\" srcset=\"https:\/\/www.palestina.cat\/wp-content\/uploads\/2021\/05\/24-de-Maig-Barcelona2-2-300x169.jpg 300w, https:\/\/www.palestina.cat\/wp-content\/uploads\/2021\/05\/24-de-Maig-Barcelona2-2-1024x576.jpg 1024w, https:\/\/www.palestina.cat\/wp-content\/uploads\/2021\/05\/24-de-Maig-Barcelona2-2-768x432.jpg 768w, https:\/\/www.palestina.cat\/wp-content\/uploads\/2021\/05\/24-de-Maig-Barcelona2-2-1536x864.jpg 1536w, https:\/\/www.palestina.cat\/wp-content\/uploads\/2021\/05\/24-de-Maig-Barcelona2-2.jpg 1600w\" sizes=\"auto, (max-width: 300px) 100vw, 300px\" \/><\/a><\/figure><\/li><li class=\"blocks-gallery-item\"><figure><a href=\"https:\/\/www.palestina.cat\/?attachment_id=6566\"><img loading=\"lazy\" decoding=\"async\" width=\"212\" height=\"300\" src=\"https:\/\/www.palestina.cat\/wp-content\/uploads\/2021\/05\/20-de-Maig-Vilanova-i-la-Geltru-1-212x300.jpg\" alt=\"\" data-id=\"6566\" data-full-url=\"https:\/\/www.palestina.cat\/wp-content\/uploads\/2021\/05\/20-de-Maig-Vilanova-i-la-Geltru-1.jpg\" data-link=\"https:\/\/www.palestina.cat\/?attachment_id=6566\" class=\"wp-image-6566\" srcset=\"https:\/\/www.palestina.cat\/wp-content\/uploads\/2021\/05\/20-de-Maig-Vilanova-i-la-Geltru-1-212x300.jpg 212w, https:\/\/www.palestina.cat\/wp-content\/uploads\/2021\/05\/20-de-Maig-Vilanova-i-la-Geltru-1.jpg 701w\" sizes=\"auto, (max-width: 212px) 100vw, 212px\" \/><\/a><\/figure><\/li><li class=\"blocks-gallery-item\"><figure><a href=\"https:\/\/www.palestina.cat\/?attachment_id=6567\"><img loading=\"lazy\" decoding=\"async\" width=\"300\" height=\"169\" src=\"https:\/\/www.palestina.cat\/wp-content\/uploads\/2021\/05\/21-Maig-Online-1-300x169.jpg\" alt=\"\" data-id=\"6567\" data-full-url=\"https:\/\/www.palestina.cat\/wp-content\/uploads\/2021\/05\/21-Maig-Online-1.jpg\" data-link=\"https:\/\/www.palestina.cat\/?attachment_id=6567\" class=\"wp-image-6567\" srcset=\"https:\/\/www.palestina.cat\/wp-content\/uploads\/2021\/05\/21-Maig-Online-1-300x169.jpg 300w, https:\/\/www.palestina.cat\/wp-content\/uploads\/2021\/05\/21-Maig-Online-1-1024x576.jpg 1024w, https:\/\/www.palestina.cat\/wp-content\/uploads\/2021\/05\/21-Maig-Online-1-768x432.jpg 768w, https:\/\/www.palestina.cat\/wp-content\/uploads\/2021\/05\/21-Maig-Online-1-1536x864.jpg 1536w, https:\/\/www.palestina.cat\/wp-content\/uploads\/2021\/05\/21-Maig-Online-1.jpg 1599w\" sizes=\"auto, (max-width: 300px) 100vw, 300px\" \/><\/a><\/figure><\/li><\/ul><\/figure>\n\n<h2 class=\"wp-block-heading\">Comunicados y Resoluciones de apoyo<\/h2>\n\n<ul class=\"wp-block-list\" id=\"block-c6b43614-fc06-4703-a68b-4be3f0d4a641\"><li><strong>Federaci\u00f3n Catalana de ONG (LaFede)<\/strong> &#8211; <a href=\"https:\/\/www.lafede.cat\/ca\/declaracio-i-accions-de-suport-al-poble-palesti-davant-lescalada-bellica\/\">Declaraci\u00f3n y acciones de apoyo al pueblo palestino ante la escalada b\u00e9lica<\/a><\/li><li><strong>Fondo Catal\u00e1n de Cooperaci\u00f3n al Desarrollo<\/strong> &#8211; <a href=\"https:\/\/www.fonscatala.org\/ca\/comunicacio\/noticies\/posicionament-del-fons-catala-davant-lescalada-de-violencia-palestina\">Posicionamiento ante la escalada de violencia en Palestina<\/a><\/li><li><strong>Consejo Municipal de Cooperaci\u00f3n Internacional<\/strong> <strong>(BCN)<\/strong> &#8211; <a href=\"https:\/\/twitter.com\/Superllisti\/status\/1395415879454765059\">Declaraci\u00f3n ante la ofensiva a gran escala contra el pueblo palestino: contribuimos a una paz justa basada en el respeto a los derechos humanos<\/a><\/li><li><strong>Centrales sindicales:<\/strong> <a href=\"http:\/\/Exigimos%20el%20fin%20inmediato%20de%20la%20escalada%20b%C3%A9lica%20y%20de%20las%20violaciones%20a%20los%20Derechos%20Humanos%20de%20Israel%20en%20Palestina\/\">CCOO<\/a> &#8211; <a href=\"https:\/\/cgtcatalunya.cat\/nakba-2021-contra-lapartheid-israelia\/\">CGT<\/a> &#8211; <a href=\"https:\/\/www.ugt.es\/el-43-congreso-aprueba-resoluciones-de-urgencia-sobre-colombia-palestina-y-el-plan-de-reconstruccion\">UGT<\/a> &#8211; <a href=\"https:\/\/www.idcdockworkers.org\/el-idc-condena-firmemente-la-masacre-a-civiles-y-ninos-en-palestina-apoyo-incondicional-a-la-huelga-general-palestina\/\">Consejo Internacional de Estibadores<\/a><\/li><\/ul>\n\n<p><\/p>\n","protected":false},"excerpt":{"rendered":"<p>Comunicados y Resoluciones de apoyo Federaci\u00f3n Catalana de ONG (LaFede) &#8211; Declaraci\u00f3n y acciones de apoyo al pueblo palestino ante la escalada b\u00e9lica Fondo Catal\u00e1n de Cooperaci\u00f3n al Desarrollo &#8211; Posicionamiento ante la escalada de violencia en Palestina Consejo Municipal de Cooperaci\u00f3n Internacional (BCN) &#8211; Declaraci\u00f3n ante la ofensiva a gran escala contra el pueblo [&hellip;]<\/p>\n","protected":false},"author":8,"featured_media":8238,"parent":0,"menu_order":0,"comment_status":"closed","ping_status":"closed","template":"","meta":{"footnotes":""},"class_list":["post-8247","page","type-page","status-publish","has-post-thumbnail","hentry"],"blocksy_meta":{"page_title_panel":"","has_hero_section":"default","89242fb3842945bd0e29560b2a98a494":"","hero_section":"type-1","hero_elements":[{"id":"custom_title","enabled":true,"heading_tag":"h1","title":"Inicio"},{"id":"custom_description","enabled":true,"description_visibility":{"desktop":true,"tablet":true,"mobile":false}},{"id":"custom_meta","enabled":false,"meta_elements":[{"id":"author","enabled":true,"label":"Por","has_author_avatar":"yes","avatar_size":25},{"id":"post_date","enabled":true,"label":"El","date_format_source":"default","date_format":"M j, Y"},{"id":"comments","enabled":true}],"page_meta_elements":{"joined":true,"articles_count":true,"comments":true}},{"id":"breadcrumbs","enabled":false}],"0afb478966e71cc6d840ad04253dd012":"","hero_alignment1":"left","hero_margin":{"desktop":50,"tablet":30,"mobile":30},"hero_alignment2":"center","hero_vertical_alignment":"center","910ffaa4716726709ba4cf9611b216b6":"","hero_structure":"narrow","921868d70e1b1587057e970c1781ff02":"","page_title_bg_type":"featured_image","custom_hero_background":{"attachment_id":null},"parallax":{"desktop":false,"tablet":false,"mobile":false},"ba8181b896bb4d6eabdcb860074bbeba":"","hero_height":"250px","pageTitleFont":{"family":"Default","variation":"Default","size":{"desktop":"32px","tablet":"30px","mobile":"25px"},"line-height":"CT_CSS_SKIP_RULE","letter-spacing":"CT_CSS_SKIP_RULE","text-transform":"CT_CSS_SKIP_RULE","text-decoration":"CT_CSS_SKIP_RULE"},"pageTitleFontColor":{"default":{"color":"CT_CSS_SKIP_RULEDEFAULT"}},"pageMetaFont":{"family":"Default","variation":"n6","size":"12px","line-height":"1.3","letter-spacing":"CT_CSS_SKIP_RULE","text-transform":"uppercase","text-decoration":"CT_CSS_SKIP_RULE"},"pageMetaFontColor":{"default":{"color":"CT_CSS_SKIP_RULEDEFAULT"},"hover":{"color":"CT_CSS_SKIP_RULEDEFAULT"}},"pageExcerptFont":{"family":"Default","variation":"Default","size":"CT_CSS_SKIP_RULE","line-height":"CT_CSS_SKIP_RULE","letter-spacing":"CT_CSS_SKIP_RULE","text-transform":"CT_CSS_SKIP_RULE","text-decoration":"CT_CSS_SKIP_RULE"},"pageExcerptColor":{"default":{"color":"CT_CSS_SKIP_RULEDEFAULT"}},"breadcrumbsFont":{"family":"Default","variation":"n6","size":"12px","line-height":"CT_CSS_SKIP_RULE","letter-spacing":"CT_CSS_SKIP_RULE","text-transform":"uppercase","text-decoration":"CT_CSS_SKIP_RULE"},"breadcrumbsFontColor":{"default":{"color":"CT_CSS_SKIP_RULEDEFAULT"},"initial":{"color":"CT_CSS_SKIP_RULEDEFAULT"},"hover":{"color":"CT_CSS_SKIP_RULEDEFAULT"}},"pageTitleOverlay":{"default":{"color":"CT_CSS_SKIP_RULE"}},"pageTitleBackground":{"background_type":"color","background_pattern":"type-1","background_image":{"attachment_id":null,"x":0,"y":0},"gradient":"linear-gradient(135deg,rgba(6,147,227,1) 0%,rgb(155,81,224) 100%)","background_repeat":"no-repeat","background_size":"auto","background_attachment":"scroll","patternColor":{"default":{"color":"#e5e7ea"}},"overlayColor":{"default":{"color":"CT_CSS_SKIP_RULE"}},"backgroundColor":{"default":{"color":"#EDEFF2"}}},"be6ec62191dc81c92d906119923be0a5":"","page_structure_type":"default","content_style":"wide","vertical_spacing_source":"inherit","content_area_spacing":"both","background":{"background_type":"color","background_pattern":"type-1","background_image":{"attachment_id":null,"x":0,"y":0},"gradient":"linear-gradient(135deg,rgba(6,147,227,1) 0%,rgb(155,81,224) 100%)","background_repeat":"no-repeat","background_size":"auto","background_attachment":"scroll","patternColor":{"default":{"color":"#e5e7ea"}},"overlayColor":{"default":{"color":"CT_CSS_SKIP_RULE"}},"backgroundColor":{"default":{"color":"CT_CSS_SKIP_RULE"}}},"content_background":{"background_type":"color","background_pattern":"type-1","background_image":{"attachment_id":null,"x":0,"y":0},"gradient":"linear-gradient(135deg,rgba(6,147,227,1) 0%,rgb(155,81,224) 100%)","background_repeat":"no-repeat","background_size":"auto","background_attachment":"scroll","patternColor":{"default":{"color":"#e5e7ea"}},"overlayColor":{"default":{"color":"CT_CSS_SKIP_RULE"}},"backgroundColor":{"default":{"color":"#ffffff"}}},"content_boxed_shadow":{"inherit":false,"blur":18,"spread":-6,"v_offset":12,"h_offset":0,"inset":false,"enable":true,"color":{"color":"rgba(34, 56, 101, 0.04)"}},"boxed_content_spacing":{"desktop":{"top":"40px","bottom":"40px","left":"40px","right":"40px","linked":true},"tablet":{"top":"35px","bottom":"35px","left":"35px","right":"35px","linked":true},"mobile":{"top":"20px","bottom":"20px","left":"20px","right":"20px","linked":true}},"content_boxed_radius":{"top":"3px","bottom":"3px","left":"3px","right":"3px","linked":true},"bf6ae6439cb58a0a39723d9b3dfa0ba2":"","disable_featured_image":"no","disable_header":"no","disable_footer":"no","8228d4f85789659735168f979c186339":"","386cad8b2b5501fb6de74caeabfabfdf":"","cf78d929d33959fd8b948b5e7903ae7d":"","7c1f54e91a0e98498c7d9a7b7eea17b6":"","447e9076d90e96e45e34b4a660736a2d":"","4b4f375e93542e59522d2972fc851d9a":"","3041d8ce5d657543a12c93940787cac4":"","styles_descriptor":{"styles":{"desktop":"","tablet":"","mobile":""},"google_fonts":[],"version":6}},"featured_image_urls_v2":{"full":["https:\/\/www.palestina.cat\/wp-content\/uploads\/2021\/05\/cartell_plantilla3.jpg",673,673,false],"thumbnail":["https:\/\/www.palestina.cat\/wp-content\/uploads\/2021\/05\/cartell_plantilla3-150x150.jpg",150,150,true],"medium":["https:\/\/www.palestina.cat\/wp-content\/uploads\/2021\/05\/cartell_plantilla3-300x300.jpg",300,300,true],"medium_large":["https:\/\/www.palestina.cat\/wp-content\/uploads\/2021\/05\/cartell_plantilla3.jpg",673,673,false],"large":["https:\/\/www.palestina.cat\/wp-content\/uploads\/2021\/05\/cartell_plantilla3.jpg",673,673,false],"1536x1536":["https:\/\/www.palestina.cat\/wp-content\/uploads\/2021\/05\/cartell_plantilla3.jpg",673,673,false],"2048x2048":["https:\/\/www.palestina.cat\/wp-content\/uploads\/2021\/05\/cartell_plantilla3.jpg",673,673,false],"rpwe-thumbnail":["https:\/\/www.palestina.cat\/wp-content\/uploads\/2021\/05\/cartell_plantilla3.jpg",45,45,false]},"post_excerpt_stackable_v2":"<p>Comunicados y Resoluciones de apoyo Federaci\u00f3n Catalana de ONG (LaFede) &#8211; Declaraci\u00f3n y acciones de apoyo al pueblo palestino ante la escalada b\u00e9licaFondo Catal\u00e1n de Cooperaci\u00f3n al Desarrollo &#8211; Posicionamiento ante la escalada de violencia en PalestinaConsejo Municipal de Cooperaci\u00f3n Internacional (BCN) &#8211; Declaraci\u00f3n ante la ofensiva a gran escala contra el pueblo palestino: contribuimos a una paz justa basada en el respeto a los derechos humanosCentrales sindicales: CCOO &#8211; CGT &#8211; UGT &#8211; Consejo Internacional de Estibadores<\/p>\n","category_list_v2":"","author_info_v2":{"name":"maboali","url":"https:\/\/www.palestina.cat\/es\/author\/mjamal\/"},"comments_num_v2":"0 comentarios","yoast_head":"<!-- This site is optimized with the Yoast SEO Premium plugin v19.4 (Yoast SEO v20.8) - https:\/\/yoast.com\/wordpress\/plugins\/seo\/ -->\n<title>Movilizaciones por Palestina Primavera 2021 - Comunitat Palestina de Catalunya<\/title>\n<meta name=\"robots\" content=\"index, follow, max-snippet:-1, max-image-preview:large, max-video-preview:-1\" \/>\n<link rel=\"canonical\" href=\"https:\/\/www.palestina.cat\/es\/movilizaciones-por-palestina-primavera-2021\/\" \/>\n<meta property=\"og:locale\" content=\"es_ES\" \/>\n<meta property=\"og:type\" content=\"article\" \/>\n<meta property=\"og:title\" content=\"Movilizaciones por Palestina Primavera 2021\" \/>\n<meta property=\"og:description\" content=\"Comunicados y Resoluciones de apoyo Federaci\u00f3n Catalana de ONG (LaFede) &#8211; Declaraci\u00f3n y acciones de apoyo al pueblo palestino ante la escalada b\u00e9lica Fondo Catal\u00e1n de Cooperaci\u00f3n al Desarrollo &#8211; Posicionamiento ante la escalada de violencia en Palestina Consejo Municipal de Cooperaci\u00f3n Internacional (BCN) &#8211; Declaraci\u00f3n ante la ofensiva a gran escala contra el pueblo [&hellip;]\" \/>\n<meta property=\"og:url\" content=\"https:\/\/www.palestina.cat\/es\/movilizaciones-por-palestina-primavera-2021\/\" \/>\n<meta property=\"og:site_name\" content=\"Comunitat Palestina de Catalunya\" \/>\n<meta property=\"article:publisher\" content=\"https:\/\/www.facebook.com\/comunitat.palestina\" \/>\n<meta property=\"article:modified_time\" content=\"2023-11-28T08:42:25+00:00\" \/>\n<meta property=\"og:image\" content=\"https:\/\/www.palestina.cat\/wp-content\/uploads\/2021\/05\/cartell_plantilla3.jpg\" \/>\n\t<meta property=\"og:image:width\" content=\"673\" \/>\n\t<meta property=\"og:image:height\" content=\"673\" \/>\n\t<meta property=\"og:image:type\" content=\"image\/jpeg\" \/>\n<meta name=\"twitter:card\" content=\"summary_large_image\" \/>\n<meta name=\"twitter:site\" content=\"@palestina_cat\" \/>\n<script type=\"application\/ld+json\" class=\"yoast-schema-graph\">{\"@context\":\"https:\/\/schema.org\",\"@graph\":[{\"@type\":\"WebPage\",\"@id\":\"https:\/\/www.palestina.cat\/es\/movilizaciones-por-palestina-primavera-2021\/\",\"url\":\"https:\/\/www.palestina.cat\/es\/movilizaciones-por-palestina-primavera-2021\/\",\"name\":\"Movilizaciones por Palestina Primavera 2021 - Comunitat Palestina de Catalunya\",\"isPartOf\":{\"@id\":\"https:\/\/www.palestina.cat\/es\/#website\"},\"datePublished\":\"2021-05-19T11:48:55+00:00\",\"dateModified\":\"2023-11-28T08:42:25+00:00\",\"breadcrumb\":{\"@id\":\"https:\/\/www.palestina.cat\/es\/movilizaciones-por-palestina-primavera-2021\/#breadcrumb\"},\"inLanguage\":\"es\",\"potentialAction\":[{\"@type\":\"ReadAction\",\"target\":[\"https:\/\/www.palestina.cat\/es\/movilizaciones-por-palestina-primavera-2021\/\"]}]},{\"@type\":\"BreadcrumbList\",\"@id\":\"https:\/\/www.palestina.cat\/es\/movilizaciones-por-palestina-primavera-2021\/#breadcrumb\",\"itemListElement\":[{\"@type\":\"ListItem\",\"position\":1,\"name\":\"Portada\",\"item\":\"https:\/\/www.palestina.cat\/es\/\"},{\"@type\":\"ListItem\",\"position\":2,\"name\":\"Movilizaciones por Palestina Primavera 2021\"}]},{\"@type\":\"WebSite\",\"@id\":\"https:\/\/www.palestina.cat\/es\/#website\",\"url\":\"https:\/\/www.palestina.cat\/es\/\",\"name\":\"Palestinian Community of Catalonia\",\"description\":\"L&#039;associaci\u00f3 dels palestins i les palestines residents a Catalunya\",\"publisher\":{\"@id\":\"https:\/\/www.palestina.cat\/es\/#organization\"},\"potentialAction\":[{\"@type\":\"SearchAction\",\"target\":{\"@type\":\"EntryPoint\",\"urlTemplate\":\"https:\/\/www.palestina.cat\/es\/?s={search_term_string}\"},\"query-input\":\"required name=search_term_string\"}],\"inLanguage\":\"es\"},{\"@type\":\"Organization\",\"@id\":\"https:\/\/www.palestina.cat\/es\/#organization\",\"name\":\"Comunitat Paletina de Catalunya\",\"alternateName\":\"Comunidad Palestina de Catalu\u00f1a\",\"url\":\"https:\/\/www.palestina.cat\/es\/\",\"logo\":{\"@type\":\"ImageObject\",\"inLanguage\":\"es\",\"@id\":\"https:\/\/www.palestina.cat\/es\/#\/schema\/logo\/image\/\",\"url\":\"https:\/\/www.palestina.cat\/wp-content\/uploads\/2020\/10\/cropped-logo_comunitat1-1.png\",\"contentUrl\":\"https:\/\/www.palestina.cat\/wp-content\/uploads\/2020\/10\/cropped-logo_comunitat1-1.png\",\"width\":512,\"height\":512,\"caption\":\"Comunitat Paletina de Catalunya\"},\"image\":{\"@id\":\"https:\/\/www.palestina.cat\/es\/#\/schema\/logo\/image\/\"},\"sameAs\":[\"https:\/\/www.facebook.com\/comunitat.palestina\",\"https:\/\/twitter.com\/palestina_cat\"]}]}<\/script>\n<!-- \/ Yoast SEO Premium plugin. -->","yoast_head_json":{"title":"Movilizaciones por Palestina Primavera 2021 - Comunitat Palestina de Catalunya","robots":{"index":"index","follow":"follow","max-snippet":"max-snippet:-1","max-image-preview":"max-image-preview:large","max-video-preview":"max-video-preview:-1"},"canonical":"https:\/\/www.palestina.cat\/es\/movilizaciones-por-palestina-primavera-2021\/","og_locale":"es_ES","og_type":"article","og_title":"Movilizaciones por Palestina Primavera 2021","og_description":"Comunicados y Resoluciones de apoyo Federaci\u00f3n Catalana de ONG (LaFede) &#8211; Declaraci\u00f3n y acciones de apoyo al pueblo palestino ante la escalada b\u00e9lica Fondo Catal\u00e1n de Cooperaci\u00f3n al Desarrollo &#8211; Posicionamiento ante la escalada de violencia en Palestina Consejo Municipal de Cooperaci\u00f3n Internacional (BCN) &#8211; Declaraci\u00f3n ante la ofensiva a gran escala contra el pueblo [&hellip;]","og_url":"https:\/\/www.palestina.cat\/es\/movilizaciones-por-palestina-primavera-2021\/","og_site_name":"Comunitat Palestina de Catalunya","article_publisher":"https:\/\/www.facebook.com\/comunitat.palestina","article_modified_time":"2023-11-28T08:42:25+00:00","og_image":[{"width":673,"height":673,"url":"https:\/\/www.palestina.cat\/wp-content\/uploads\/2021\/05\/cartell_plantilla3.jpg","type":"image\/jpeg"}],"twitter_card":"summary_large_image","twitter_site":"@palestina_cat","schema":{"@context":"https:\/\/schema.org","@graph":[{"@type":"WebPage","@id":"https:\/\/www.palestina.cat\/es\/movilizaciones-por-palestina-primavera-2021\/","url":"https:\/\/www.palestina.cat\/es\/movilizaciones-por-palestina-primavera-2021\/","name":"Movilizaciones por Palestina Primavera 2021 - Comunitat Palestina de Catalunya","isPartOf":{"@id":"https:\/\/www.palestina.cat\/es\/#website"},"datePublished":"2021-05-19T11:48:55+00:00","dateModified":"2023-11-28T08:42:25+00:00","breadcrumb":{"@id":"https:\/\/www.palestina.cat\/es\/movilizaciones-por-palestina-primavera-2021\/#breadcrumb"},"inLanguage":"es","potentialAction":[{"@type":"ReadAction","target":["https:\/\/www.palestina.cat\/es\/movilizaciones-por-palestina-primavera-2021\/"]}]},{"@type":"BreadcrumbList","@id":"https:\/\/www.palestina.cat\/es\/movilizaciones-por-palestina-primavera-2021\/#breadcrumb","itemListElement":[{"@type":"ListItem","position":1,"name":"Portada","item":"https:\/\/www.palestina.cat\/es\/"},{"@type":"ListItem","position":2,"name":"Movilizaciones por Palestina Primavera 2021"}]},{"@type":"WebSite","@id":"https:\/\/www.palestina.cat\/es\/#website","url":"https:\/\/www.palestina.cat\/es\/","name":"Palestinian Community of Catalonia","description":"L&#039;associaci\u00f3 dels palestins i les palestines residents a Catalunya","publisher":{"@id":"https:\/\/www.palestina.cat\/es\/#organization"},"potentialAction":[{"@type":"SearchAction","target":{"@type":"EntryPoint","urlTemplate":"https:\/\/www.palestina.cat\/es\/?s={search_term_string}"},"query-input":"required name=search_term_string"}],"inLanguage":"es"},{"@type":"Organization","@id":"https:\/\/www.palestina.cat\/es\/#organization","name":"Comunitat Paletina de Catalunya","alternateName":"Comunidad Palestina de Catalu\u00f1a","url":"https:\/\/www.palestina.cat\/es\/","logo":{"@type":"ImageObject","inLanguage":"es","@id":"https:\/\/www.palestina.cat\/es\/#\/schema\/logo\/image\/","url":"https:\/\/www.palestina.cat\/wp-content\/uploads\/2020\/10\/cropped-logo_comunitat1-1.png","contentUrl":"https:\/\/www.palestina.cat\/wp-content\/uploads\/2020\/10\/cropped-logo_comunitat1-1.png","width":512,"height":512,"caption":"Comunitat Paletina de Catalunya"},"image":{"@id":"https:\/\/www.palestina.cat\/es\/#\/schema\/logo\/image\/"},"sameAs":["https:\/\/www.facebook.com\/comunitat.palestina","https:\/\/twitter.com\/palestina_cat"]}]}},"_links":{"self":[{"href":"https:\/\/www.palestina.cat\/es\/wp-json\/wp\/v2\/pages\/8247","targetHints":{"allow":["GET"]}}],"collection":[{"href":"https:\/\/www.palestina.cat\/es\/wp-json\/wp\/v2\/pages"}],"about":[{"href":"https:\/\/www.palestina.cat\/es\/wp-json\/wp\/v2\/types\/page"}],"author":[{"embeddable":true,"href":"https:\/\/www.palestina.cat\/es\/wp-json\/wp\/v2\/users\/8"}],"replies":[{"embeddable":true,"href":"https:\/\/www.palestina.cat\/es\/wp-json\/wp\/v2\/comments?post=8247"}],"version-history":[{"count":1,"href":"https:\/\/www.palestina.cat\/es\/wp-json\/wp\/v2\/pages\/8247\/revisions"}],"predecessor-version":[{"id":8313,"href":"https:\/\/www.palestina.cat\/es\/wp-json\/wp\/v2\/pages\/8247\/revisions\/8313"}],"wp:featuredmedia":[{"embeddable":true,"href":"https:\/\/www.palestina.cat\/es\/wp-json\/wp\/v2\/media\/8238"}],"wp:attachment":[{"href":"https:\/\/www.palestina.cat\/es\/wp-json\/wp\/v2\/media?parent=8247"}],"curies":[{"name":"wp","href":"https:\/\/api.w.org\/{rel}","templated":true}]}}